{"id":16,"date":"2023-05-20T08:23:12","date_gmt":"2023-05-20T08:23:12","guid":{"rendered":"https:\/\/marmenor.practicasdeperiodismo.com\/?page_id=16"},"modified":"2023-06-12T17:24:16","modified_gmt":"2023-06-12T17:24:16","slug":"elementor-16","status":"publish","type":"page","link":"https:\/\/marmenor.practicasdeperiodismo.com\/","title":{"rendered":"Elementor #16"},"content":{"rendered":"\t\t<div data-elementor-type=\"wp-page\" data-elementor-id=\"16\" class=\"elementor elementor-16\">\n\t\t\t\t\t\t\t\t\t<section class=\"elementor-section elementor-top-section elementor-element elementor-element-48fe04ba elementor-section-height-min-height elementor-section-content-middle elementor-section-boxed elementor-section-height-default elementor-section-items-middle\" data-id=\"48fe04ba\" data-element_type=\"section\" data-settings=\"{&quot;background_background&quot;:&quot;video&quot;,&quot;background_video_link&quot;:&quot;https:\\\/\\\/youtu.be\\\/l5wW1V6BmgI&quot;}\">\n\t\t\t\t\t\t\t\t<div class=\"elementor-background-video-container elementor-hidden-phone\">\n\t\t\t\t\t\t\t\t\t\t\t\t\t<div class=\"elementor-background-video-embed\"><\/div>\n\t\t\t\t\t\t\t\t\t\t\t\t<\/div>\n\t\t\t\t\t\t\t\t\t<div class=\"elementor-background-overlay\"><\/div>\n\t\t\t\t\t\t\t<div class=\"elementor-container elementor-column-gap-default\">\n\t\t\t\t\t<div class=\"elementor-column elementor-col-100 elementor-top-column elementor-element elementor-element-15a57062\" data-id=\"15a57062\" data-element_type=\"column\">\n\t\t\t<div class=\"elementor-widget-wrap elementor-element-populated\">\n\t\t\t\t\t\t\t\t<div class=\"elementor-element elementor-element-49e0b4e9 elementor-widget elementor-widget-heading\" data-id=\"49e0b4e9\" data-element_type=\"widget\" data-widget_type=\"heading.default\">\n\t\t\t\t<div class=\"elementor-widget-container\">\n\t\t\t<style>\/*! elementor - v3.13.2 - 11-05-2023 *\/\n.elementor-heading-title{padding:0;margin:0;line-height:1}.elementor-widget-heading .elementor-heading-title[class*=elementor-size-]>a{color:inherit;font-size:inherit;line-height:inherit}.elementor-widget-heading .elementor-heading-title.elementor-size-small{font-size:15px}.elementor-widget-heading .elementor-heading-title.elementor-size-medium{font-size:19px}.elementor-widget-heading .elementor-heading-title.elementor-size-large{font-size:29px}.elementor-widget-heading .elementor-heading-title.elementor-size-xl{font-size:39px}.elementor-widget-heading .elementor-heading-title.elementor-size-xxl{font-size:59px}<\/style><h5 class=\"elementor-heading-title elementor-size-default\">Reportaje<\/h5>\t\t<\/div>\n\t\t\t\t<\/div>\n\t\t\t\t<div class=\"elementor-element elementor-element-b46cff5 elementor-widget elementor-widget-heading\" data-id=\"b46cff5\" data-element_type=\"widget\" data-widget_type=\"heading.default\">\n\t\t\t\t<div class=\"elementor-widget-container\">\n\t\t\t<h2 class=\"elementor-heading-title elementor-size-default\">Vidas cruzadas en un ecosistema en peligro<\/h2>\t\t<\/div>\n\t\t\t\t<\/div>\n\t\t\t\t<div class=\"elementor-element elementor-element-42b21c87 elementor-widget elementor-widget-text-editor\" data-id=\"42b21c87\" data-element_type=\"widget\" data-widget_type=\"text-editor.default\">\n\t\t\t\t<div class=\"elementor-widget-container\">\n\t\t\t<style>\/*! elementor - v3.13.2 - 11-05-2023 *\/\n.elementor-widget-text-editor.elementor-drop-cap-view-stacked .elementor-drop-cap{background-color:#69727d;color:#fff}.elementor-widget-text-editor.elementor-drop-cap-view-framed .elementor-drop-cap{color:#69727d;border:3px solid;background-color:transparent}.elementor-widget-text-editor:not(.elementor-drop-cap-view-default) .elementor-drop-cap{margin-top:8px}.elementor-widget-text-editor:not(.elementor-drop-cap-view-default) .elementor-drop-cap-letter{width:1em;height:1em}.elementor-widget-text-editor .elementor-drop-cap{float:left;text-align:center;line-height:1;font-size:50px}.elementor-widget-text-editor .elementor-drop-cap-letter{display:inline-block}<\/style>\t\t\t\t<p>Descubrimos los desaf\u00edos medioambientales a los que se enfrenta el Mar Menor. Escuchamos las voces de quienes dependen de los recursos, como la agricultura, que est\u00e1n afectando la calidad del agua de la laguna costera.<\/p>\t\t\t\t\t\t<\/div>\n\t\t\t\t<\/div>\n\t\t\t\t\t<\/div>\n\t\t<\/div>\n\t\t\t\t\t\t\t<\/div>\n\t\t<\/section>\n\t\t\t\t<section class=\"elementor-section elementor-top-section elementor-element elementor-element-693e6fda elementor-section-content-middle elementor-reverse-mobile elementor-section-boxed elementor-section-height-default elementor-section-height-default\" data-id=\"693e6fda\" data-element_type=\"section\" data-settings=\"{&quot;background_background&quot;:&quot;classic&quot;}\">\n\t\t\t\t\t\t<div class=\"elementor-container elementor-column-gap-no\">\n\t\t\t\t\t<div class=\"elementor-column elementor-col-50 elementor-top-column elementor-element elementor-element-6d413811\" data-id=\"6d413811\" data-element_type=\"column\">\n\t\t\t<div class=\"elementor-widget-wrap elementor-element-populated\">\n\t\t\t\t\t\t\t\t<div class=\"elementor-element elementor-element-651f132d elementor-widget elementor-widget-heading\" data-id=\"651f132d\" data-element_type=\"widget\" data-widget_type=\"heading.default\">\n\t\t\t\t<div class=\"elementor-widget-container\">\n\t\t\t<h4 class=\"elementor-heading-title elementor-size-default\">Datos del 2022 calculan la retirada de 17.718 toneladas de algas, a una asombrosa media de 114 toneladas al d\u00eda<\/h4>\t\t<\/div>\n\t\t\t\t<\/div>\n\t\t\t\t\t<\/div>\n\t\t<\/div>\n\t\t\t\t<div class=\"elementor-column elementor-col-50 elementor-top-column elementor-element elementor-element-5031f389\" data-id=\"5031f389\" data-element_type=\"column\">\n\t\t\t<div class=\"elementor-widget-wrap elementor-element-populated\">\n\t\t\t\t\t\t\t\t<div class=\"elementor-element elementor-element-6705734e elementor-widget elementor-widget-image\" data-id=\"6705734e\" data-element_type=\"widget\" data-widget_type=\"image.default\">\n\t\t\t\t<div class=\"elementor-widget-container\">\n\t\t\t<style>\/*! elementor - v3.13.2 - 11-05-2023 *\/\n.elementor-widget-image{text-align:center}.elementor-widget-image a{display:inline-block}.elementor-widget-image a img[src$=\".svg\"]{width:48px}.elementor-widget-image img{vertical-align:middle;display:inline-block}<\/style>\t\t\t\t\t\t\t\t\t\t\t\t<img decoding=\"async\" width=\"2560\" height=\"1707\" src=\"https:\/\/marmenor.practicasdeperiodismo.com\/wp-content\/uploads\/2023\/05\/restos-algas-orilla-playa-los-alcazares-scaled.jpg\" class=\"attachment-full size-full wp-image-26\" alt=\"\" loading=\"lazy\" srcset=\"https:\/\/marmenor.practicasdeperiodismo.com\/wp-content\/uploads\/2023\/05\/restos-algas-orilla-playa-los-alcazares-scaled.jpg 2560w, https:\/\/marmenor.practicasdeperiodismo.com\/wp-content\/uploads\/2023\/05\/restos-algas-orilla-playa-los-alcazares-300x200.jpg 300w, https:\/\/marmenor.practicasdeperiodismo.com\/wp-content\/uploads\/2023\/05\/restos-algas-orilla-playa-los-alcazares-1024x683.jpg 1024w, https:\/\/marmenor.practicasdeperiodismo.com\/wp-content\/uploads\/2023\/05\/restos-algas-orilla-playa-los-alcazares-768x512.jpg 768w, https:\/\/marmenor.practicasdeperiodismo.com\/wp-content\/uploads\/2023\/05\/restos-algas-orilla-playa-los-alcazares-1536x1024.jpg 1536w, https:\/\/marmenor.practicasdeperiodismo.com\/wp-content\/uploads\/2023\/05\/restos-algas-orilla-playa-los-alcazares-2048x1365.jpg 2048w\" sizes=\"(max-width: 2560px) 100vw, 2560px\" \/>\t\t\t\t\t\t\t\t\t\t\t\t\t\t\t<\/div>\n\t\t\t\t<\/div>\n\t\t\t\t\t<\/div>\n\t\t<\/div>\n\t\t\t\t\t\t\t<\/div>\n\t\t<\/section>\n\t\t\t\t<section class=\"elementor-section elementor-top-section elementor-element elementor-element-392bef2c elementor-section-content-middle elementor-section-boxed elementor-section-height-default elementor-section-height-default\" data-id=\"392bef2c\" data-element_type=\"section\" data-settings=\"{&quot;background_background&quot;:&quot;classic&quot;}\">\n\t\t\t\t\t\t\t<div class=\"elementor-background-overlay\"><\/div>\n\t\t\t\t\t\t\t<div class=\"elementor-container elementor-column-gap-no\">\n\t\t\t\t\t<div class=\"elementor-column elementor-col-50 elementor-top-column elementor-element elementor-element-b3bbea1\" data-id=\"b3bbea1\" data-element_type=\"column\">\n\t\t\t<div class=\"elementor-widget-wrap elementor-element-populated\">\n\t\t\t\t\t\t\t\t<div class=\"elementor-element elementor-element-5a94732f elementor-widget elementor-widget-image\" data-id=\"5a94732f\" data-element_type=\"widget\" data-widget_type=\"image.default\">\n\t\t\t\t<div class=\"elementor-widget-container\">\n\t\t\t\t\t\t\t\t\t\t\t\t\t\t\t<img decoding=\"async\" width=\"2560\" height=\"1707\" src=\"https:\/\/marmenor.practicasdeperiodismo.com\/wp-content\/uploads\/2023\/06\/IMG_0941-scaled.jpg\" class=\"attachment-full size-full wp-image-51\" alt=\"\" loading=\"lazy\" srcset=\"https:\/\/marmenor.practicasdeperiodismo.com\/wp-content\/uploads\/2023\/06\/IMG_0941-scaled.jpg 2560w, https:\/\/marmenor.practicasdeperiodismo.com\/wp-content\/uploads\/2023\/06\/IMG_0941-300x200.jpg 300w, https:\/\/marmenor.practicasdeperiodismo.com\/wp-content\/uploads\/2023\/06\/IMG_0941-1024x683.jpg 1024w, https:\/\/marmenor.practicasdeperiodismo.com\/wp-content\/uploads\/2023\/06\/IMG_0941-768x512.jpg 768w, https:\/\/marmenor.practicasdeperiodismo.com\/wp-content\/uploads\/2023\/06\/IMG_0941-1536x1024.jpg 1536w, https:\/\/marmenor.practicasdeperiodismo.com\/wp-content\/uploads\/2023\/06\/IMG_0941-2048x1365.jpg 2048w\" sizes=\"(max-width: 2560px) 100vw, 2560px\" \/>\t\t\t\t\t\t\t\t\t\t\t\t\t\t\t<\/div>\n\t\t\t\t<\/div>\n\t\t\t\t\t<\/div>\n\t\t<\/div>\n\t\t\t\t<div class=\"elementor-column elementor-col-50 elementor-top-column elementor-element elementor-element-77356216\" data-id=\"77356216\" data-element_type=\"column\">\n\t\t\t<div class=\"elementor-widget-wrap elementor-element-populated\">\n\t\t\t\t\t\t\t\t<div class=\"elementor-element elementor-element-78ad65da elementor-widget elementor-widget-heading\" data-id=\"78ad65da\" data-element_type=\"widget\" data-widget_type=\"heading.default\">\n\t\t\t\t<div class=\"elementor-widget-container\">\n\t\t\t<h4 class=\"elementor-heading-title elementor-size-default\">Se estima que aproximadamente el 85 % de los nutrientes que llegan a estas aguas provienen de las pr\u00e1cticas agr\u00edcolas intensivas. El abuso de fertilizantes y pesticidas, as\u00ed como la gesti\u00f3n inadecuada de los residuos agr\u00edcolas, han generado un desequilibrio ambiental que pone en riesgo la biodiversidad y la calidad del agua.<\/h4>\t\t<\/div>\n\t\t\t\t<\/div>\n\t\t\t\t\t<\/div>\n\t\t<\/div>\n\t\t\t\t\t\t\t<\/div>\n\t\t<\/section>\n\t\t\t\t<section class=\"elementor-section elementor-top-section elementor-element elementor-element-14cb88cd elementor-section-content-middle elementor-section-boxed elementor-section-height-default elementor-section-height-default\" data-id=\"14cb88cd\" data-element_type=\"section\">\n\t\t\t\t\t\t<div class=\"elementor-container elementor-column-gap-no\">\n\t\t\t\t\t<div class=\"elementor-column elementor-col-50 elementor-top-column elementor-element elementor-element-3cf5d2af\" data-id=\"3cf5d2af\" data-element_type=\"column\">\n\t\t\t<div class=\"elementor-widget-wrap elementor-element-populated\">\n\t\t\t\t\t\t\t\t<div class=\"elementor-element elementor-element-e113e6e elementor-widget__width-initial elementor-widget elementor-widget-heading\" data-id=\"e113e6e\" data-element_type=\"widget\" data-widget_type=\"heading.default\">\n\t\t\t\t<div class=\"elementor-widget-container\">\n\t\t\t<h3 class=\"elementor-heading-title elementor-size-default\">La Manga del Mar Menor enfrenta un avance constante del sector inmobiliario con la construcci\u00f3n de 500 viviendas en el horizonte, a pesar de la moratoria urban\u00edstica impuesta por la Ley de Recuperaci\u00f3n y Protecci\u00f3n del Mar Menor en 2020.<\/h3>\t\t<\/div>\n\t\t\t\t<\/div>\n\t\t\t\t\t<\/div>\n\t\t<\/div>\n\t\t\t\t<div class=\"elementor-column elementor-col-25 elementor-top-column elementor-element elementor-element-56267ce1\" data-id=\"56267ce1\" data-element_type=\"column\">\n\t\t\t<div class=\"elementor-widget-wrap elementor-element-populated\">\n\t\t\t\t\t\t\t\t<div class=\"elementor-element elementor-element-26039916 elementor-widget__width-initial elementor-widget elementor-widget-image\" data-id=\"26039916\" data-element_type=\"widget\" data-widget_type=\"image.default\">\n\t\t\t\t<div class=\"elementor-widget-container\">\n\t\t\t\t\t\t\t\t\t\t\t\t\t\t\t<img decoding=\"async\" width=\"640\" height=\"321\" src=\"https:\/\/marmenor.practicasdeperiodismo.com\/wp-content\/uploads\/2023\/06\/La_Manga_cityscape_from_Mirador_de_Monte_Blanco_Cartagena_Murcia_Spain_2022_January.jpg\" class=\"elementor-animation-grow attachment-full size-full wp-image-54\" alt=\"\" loading=\"lazy\" srcset=\"https:\/\/marmenor.practicasdeperiodismo.com\/wp-content\/uploads\/2023\/06\/La_Manga_cityscape_from_Mirador_de_Monte_Blanco_Cartagena_Murcia_Spain_2022_January.jpg 640w, https:\/\/marmenor.practicasdeperiodismo.com\/wp-content\/uploads\/2023\/06\/La_Manga_cityscape_from_Mirador_de_Monte_Blanco_Cartagena_Murcia_Spain_2022_January-300x150.jpg 300w\" sizes=\"(max-width: 640px) 100vw, 640px\" \/>\t\t\t\t\t\t\t\t\t\t\t\t\t\t\t<\/div>\n\t\t\t\t<\/div>\n\t\t\t\t\t<\/div>\n\t\t<\/div>\n\t\t\t\t<div class=\"elementor-column elementor-col-25 elementor-top-column elementor-element elementor-element-3ee5344a\" data-id=\"3ee5344a\" data-element_type=\"column\">\n\t\t\t<div class=\"elementor-widget-wrap elementor-element-populated\">\n\t\t\t\t\t\t\t\t<div class=\"elementor-element elementor-element-2c64952d elementor-widget elementor-widget-image\" data-id=\"2c64952d\" data-element_type=\"widget\" data-widget_type=\"image.default\">\n\t\t\t\t<div class=\"elementor-widget-container\">\n\t\t\t\t\t\t\t\t\t\t\t\t\t\t\t<img decoding=\"async\" width=\"2560\" height=\"1707\" src=\"https:\/\/marmenor.practicasdeperiodismo.com\/wp-content\/uploads\/2023\/06\/IMG_0929-scaled.jpg\" class=\"elementor-animation-grow attachment-full size-full wp-image-55\" alt=\"\" loading=\"lazy\" srcset=\"https:\/\/marmenor.practicasdeperiodismo.com\/wp-content\/uploads\/2023\/06\/IMG_0929-scaled.jpg 2560w, https:\/\/marmenor.practicasdeperiodismo.com\/wp-content\/uploads\/2023\/06\/IMG_0929-300x200.jpg 300w, https:\/\/marmenor.practicasdeperiodismo.com\/wp-content\/uploads\/2023\/06\/IMG_0929-1024x683.jpg 1024w, https:\/\/marmenor.practicasdeperiodismo.com\/wp-content\/uploads\/2023\/06\/IMG_0929-768x512.jpg 768w, https:\/\/marmenor.practicasdeperiodismo.com\/wp-content\/uploads\/2023\/06\/IMG_0929-1536x1024.jpg 1536w, https:\/\/marmenor.practicasdeperiodismo.com\/wp-content\/uploads\/2023\/06\/IMG_0929-2048x1365.jpg 2048w\" sizes=\"(max-width: 2560px) 100vw, 2560px\" \/>\t\t\t\t\t\t\t\t\t\t\t\t\t\t\t<\/div>\n\t\t\t\t<\/div>\n\t\t\t\t\t<\/div>\n\t\t<\/div>\n\t\t\t\t\t\t\t<\/div>\n\t\t<\/section>\n\t\t\t\t<section class=\"elementor-section elementor-top-section elementor-element elementor-element-646afc02 elementor-section-content-middle elementor-section-boxed elementor-section-height-default elementor-section-height-default\" data-id=\"646afc02\" data-element_type=\"section\" data-settings=\"{&quot;background_background&quot;:&quot;classic&quot;}\">\n\t\t\t\t\t\t<div class=\"elementor-container elementor-column-gap-no\">\n\t\t\t\t\t<div class=\"elementor-column elementor-col-50 elementor-top-column elementor-element elementor-element-6f7069a3\" data-id=\"6f7069a3\" data-element_type=\"column\">\n\t\t\t<div class=\"elementor-widget-wrap elementor-element-populated\">\n\t\t\t\t\t\t\t\t<div class=\"elementor-element elementor-element-9a0780b elementor-widget elementor-widget-image\" data-id=\"9a0780b\" data-element_type=\"widget\" data-widget_type=\"image.default\">\n\t\t\t\t<div class=\"elementor-widget-container\">\n\t\t\t\t\t\t\t\t\t\t\t\t\t\t\t<img decoding=\"async\" width=\"1536\" height=\"1024\" src=\"https:\/\/marmenor.practicasdeperiodismo.com\/wp-content\/uploads\/2023\/06\/IMG_0913-1536x1024.jpg\" class=\"attachment-1536x1536 size-1536x1536 wp-image-56\" alt=\"\" loading=\"lazy\" srcset=\"https:\/\/marmenor.practicasdeperiodismo.com\/wp-content\/uploads\/2023\/06\/IMG_0913-1536x1024.jpg 1536w, https:\/\/marmenor.practicasdeperiodismo.com\/wp-content\/uploads\/2023\/06\/IMG_0913-300x200.jpg 300w, https:\/\/marmenor.practicasdeperiodismo.com\/wp-content\/uploads\/2023\/06\/IMG_0913-1024x683.jpg 1024w, https:\/\/marmenor.practicasdeperiodismo.com\/wp-content\/uploads\/2023\/06\/IMG_0913-768x512.jpg 768w, https:\/\/marmenor.practicasdeperiodismo.com\/wp-content\/uploads\/2023\/06\/IMG_0913-2048x1365.jpg 2048w\" sizes=\"(max-width: 1536px) 100vw, 1536px\" \/>\t\t\t\t\t\t\t\t\t\t\t\t\t\t\t<\/div>\n\t\t\t\t<\/div>\n\t\t\t\t\t<\/div>\n\t\t<\/div>\n\t\t\t\t<div class=\"elementor-column elementor-col-50 elementor-top-column elementor-element elementor-element-4e7023a3\" data-id=\"4e7023a3\" data-element_type=\"column\">\n\t\t\t<div class=\"elementor-widget-wrap elementor-element-populated\">\n\t\t\t\t\t\t\t\t<div class=\"elementor-element elementor-element-ee4aada elementor-widget__width-initial elementor-widget elementor-widget-text-editor\" data-id=\"ee4aada\" data-element_type=\"widget\" data-widget_type=\"text-editor.default\">\n\t\t\t\t<div class=\"elementor-widget-container\">\n\t\t\t\t\t\t\t<p><span class=\"WdYUQQ text-decoration-none text-strikethrough-none\">Me encuentro en Los Alc\u00e1zares, es un d\u00eda festivo de primavera bastante caluroso.\u00a0<\/span>Mientras paseo por la playa, noto que la mayor\u00eda de las personas evitan sumergirse en el agua turbia y prefieren disfrutar del sol desde la orilla. Las algas verdosas se acumulan en grandes cantidades, cubriendo la arena y generando un ambiente poco atractivo para los ba\u00f1istas. A pesar de ser las 12 del mediod\u00eda, los operativos de limpieza de playas est\u00e1n activos, trabajando incansablemente para retirar el exceso de algas que llega desde la laguna del Mar Menor.<\/p><p>Desde las playas de Los Alc\u00e1zares, se evidencia la preocupante situaci\u00f3n ambiental que enfrenta el Mar Menor. La presencia activa de los operativos de limpieza es un recordatorio constante de ello.<\/p><p><span class=\"WdYUQQ text-decoration-none text-strikethrough-none\">\u00a0<\/span><\/p>\t\t\t\t\t\t<\/div>\n\t\t\t\t<\/div>\n\t\t\t\t<div class=\"elementor-element elementor-element-423f5899 elementor-widget elementor-widget-text-editor\" data-id=\"423f5899\" data-element_type=\"widget\" data-widget_type=\"text-editor.default\">\n\t\t\t\t<div class=\"elementor-widget-container\">\n\t\t\t\t\t\t\t<div><p><a style=\"font-size: 15px;\" href=\"https:\/\/www.miteco.gob.es\/es\/ministerio\/planes-estrategias\/mar-menor\/230228informeieo_febrero_2023_tcm30-560652.pdf\" target=\"_blank\" rel=\"noopener\">Un informe del CSIC revela un aumento significativo de la descarga de agua con nitratos al Mar Menor.<\/a><span style=\"font-size: 15px;\">\u00a0<\/span><\/p><\/div>\t\t\t\t\t\t<\/div>\n\t\t\t\t<\/div>\n\t\t\t\t\t<\/div>\n\t\t<\/div>\n\t\t\t\t\t\t\t<\/div>\n\t\t<\/section>\n\t\t\t\t<section class=\"elementor-section elementor-top-section elementor-element elementor-element-2ad12bf2 elementor-section-content-middle elementor-section-boxed elementor-section-height-default elementor-section-height-default\" data-id=\"2ad12bf2\" data-element_type=\"section\">\n\t\t\t\t\t\t\t<div class=\"elementor-background-overlay\"><\/div>\n\t\t\t\t\t\t\t<div class=\"elementor-container elementor-column-gap-no\">\n\t\t\t\t\t<div class=\"elementor-column elementor-col-100 elementor-top-column elementor-element elementor-element-5fa776b\" data-id=\"5fa776b\" data-element_type=\"column\">\n\t\t\t<div class=\"elementor-widget-wrap elementor-element-populated\">\n\t\t\t\t\t\t\t\t<div class=\"elementor-element elementor-element-35cf6302 elementor-view-default elementor-vertical-align-top elementor-widget elementor-widget-icon-box\" data-id=\"35cf6302\" data-element_type=\"widget\" data-widget_type=\"icon-box.default\">\n\t\t\t\t<div class=\"elementor-widget-container\">\n\t\t\t<link rel=\"stylesheet\" href=\"https:\/\/marmenor.practicasdeperiodismo.com\/wp-content\/plugins\/elementor\/assets\/css\/widget-icon-box.min.css\">\t\t<div class=\"elementor-icon-box-wrapper\">\n\t\t\t\t\t\t<div class=\"elementor-icon-box-content\">\n\t\t\t\t<p class=\"elementor-icon-box-title\">\n\t\t\t\t\t<span  >\n\t\t\t\t\t\t\t\t\t\t\t<\/span>\n\t\t\t\t<\/p>\n\t\t\t\t\t\t\t\t\t<p class=\"elementor-icon-box-description\">\n\t\t\t\t\t\tMe acerco a uno de los operarios que est\u00e1n recogiendo algas para hacerle unas preguntas. Se llama Carlos, tiene 46 a\u00f1os y trabaja en limpieza de playas desde hace 3 a\u00f1os.\t\t\t\t\t<\/p>\n\t\t\t\t\t\t\t<\/div>\n\t\t<\/div>\n\t\t\t\t<\/div>\n\t\t\t\t<\/div>\n\t\t\t\t<div class=\"elementor-element elementor-element-57a7e7ce elementor-widget__width-initial elementor-widget elementor-widget-text-editor\" data-id=\"57a7e7ce\" data-element_type=\"widget\" data-widget_type=\"text-editor.default\">\n\t\t\t\t<div class=\"elementor-widget-container\">\n\t\t\t\t\t\t\t<p>&#8211; Buenos d\u00edas \u00bfpodr\u00eda hacerle unas preguntas sobre el trabajo de limpieza de playas que est\u00e1n realizando aqu\u00ed en Los Alc\u00e1zares?<\/p><p>&#8211; S\u00ed, d\u00edgame.<\/p><p>&#8211; \u00bfPodr\u00eda decirme c\u00f3mo es el proceso de limpieza de las algas?<\/p><p>&#8211; Pues hacemos un monitoreo de la playa para ver las zonas m\u00e1s afectadas por el exceso de algas. Utilizamos rastrillos y palas para recoger las algas en la orilla y en la arena. Despu\u00e9s, transportamos las algas a los contenedores especiales para que las lleven a tratamiento.<\/p><p>&#8211; \u00bfCu\u00e1l es el volumen aproximado de algas que han recogido hoy?<\/p><p>&#8211; Estimamos que hemos recogido alrededor de dos palas completas de algas hasta el momento. Es una labor constante, ya que las algas siguen llegando a la costa a lo largo del d\u00eda.<\/p><p>&#8211; \u00bfCu\u00e1l es su opini\u00f3n sobre la situaci\u00f3n actual del Mar Menor y la proliferaci\u00f3n de algas?<\/p><p>&#8211; Es preocupante ver c\u00f3mo el problema de las algas ha empeorado en los \u00faltimos a\u00f1os. La calidad del agua es peor, y eso afecta al turismo.<\/p><p>&#8211; Muchas gracias por su tiempo y por el arduo trabajo que realizan.<\/p>\t\t\t\t\t\t<\/div>\n\t\t\t\t<\/div>\n\t\t\t\t\t<\/div>\n\t\t<\/div>\n\t\t\t\t\t\t\t<\/div>\n\t\t<\/section>\n\t\t\t\t<section class=\"elementor-section elementor-top-section elementor-element elementor-element-192aae26 elementor-section-content-middle elementor-section-boxed elementor-section-height-default elementor-section-height-default\" data-id=\"192aae26\" data-element_type=\"section\" data-settings=\"{&quot;background_background&quot;:&quot;classic&quot;}\">\n\t\t\t\t\t\t<div class=\"elementor-container elementor-column-gap-no\">\n\t\t\t\t\t<div class=\"elementor-column elementor-col-100 elementor-top-column elementor-element elementor-element-4c158773\" data-id=\"4c158773\" data-element_type=\"column\">\n\t\t\t<div class=\"elementor-widget-wrap elementor-element-populated\">\n\t\t\t\t\t\t\t\t<div class=\"elementor-element elementor-element-2088ddea elementor-widget elementor-widget-heading\" data-id=\"2088ddea\" data-element_type=\"widget\" data-widget_type=\"heading.default\">\n\t\t\t\t<div class=\"elementor-widget-container\">\n\t\t\t<h4 class=\"elementor-heading-title elementor-size-default\">Imagen del d\u00eda 12 de septiembre 2021 y mapa de turbidez asociado del CSIC<\/h4>\t\t<\/div>\n\t\t\t\t<\/div>\n\t\t\t\t<section class=\"elementor-section elementor-inner-section elementor-element elementor-element-63902c99 elementor-section-content-middle elementor-section-boxed elementor-section-height-default elementor-section-height-default\" data-id=\"63902c99\" data-element_type=\"section\">\n\t\t\t\t\t\t<div class=\"elementor-container elementor-column-gap-no\">\n\t\t\t\t\t<div class=\"elementor-column elementor-col-50 elementor-inner-column elementor-element elementor-element-1f58a6dd\" data-id=\"1f58a6dd\" data-element_type=\"column\">\n\t\t\t<div class=\"elementor-widget-wrap elementor-element-populated\">\n\t\t\t\t\t\t\t\t<div class=\"elementor-element elementor-element-22462ba elementor-widget elementor-widget-image\" data-id=\"22462ba\" data-element_type=\"widget\" data-widget_type=\"image.default\">\n\t\t\t\t<div class=\"elementor-widget-container\">\n\t\t\t\t\t\t\t\t\t\t\t\t\t\t\t<img decoding=\"async\" width=\"873\" height=\"1024\" src=\"https:\/\/marmenor.practicasdeperiodismo.com\/wp-content\/uploads\/2023\/06\/mapa-mm-873x1024.jpg\" class=\"attachment-large size-large wp-image-57\" alt=\"\" loading=\"lazy\" srcset=\"https:\/\/marmenor.practicasdeperiodismo.com\/wp-content\/uploads\/2023\/06\/mapa-mm-873x1024.jpg 873w, https:\/\/marmenor.practicasdeperiodismo.com\/wp-content\/uploads\/2023\/06\/mapa-mm-256x300.jpg 256w, https:\/\/marmenor.practicasdeperiodismo.com\/wp-content\/uploads\/2023\/06\/mapa-mm-768x901.jpg 768w, https:\/\/marmenor.practicasdeperiodismo.com\/wp-content\/uploads\/2023\/06\/mapa-mm-1310x1536.jpg 1310w, https:\/\/marmenor.practicasdeperiodismo.com\/wp-content\/uploads\/2023\/06\/mapa-mm-1747x2048.jpg 1747w\" sizes=\"(max-width: 873px) 100vw, 873px\" \/>\t\t\t\t\t\t\t\t\t\t\t\t\t\t\t<\/div>\n\t\t\t\t<\/div>\n\t\t\t\t\t<\/div>\n\t\t<\/div>\n\t\t\t\t<div class=\"elementor-column elementor-col-50 elementor-inner-column elementor-element elementor-element-6e94efb\" data-id=\"6e94efb\" data-element_type=\"column\">\n\t\t\t<div class=\"elementor-widget-wrap elementor-element-populated\">\n\t\t\t\t\t\t\t\t<div class=\"elementor-element elementor-element-eb1f75d elementor-widget__width-initial elementor-widget elementor-widget-image\" data-id=\"eb1f75d\" data-element_type=\"widget\" data-widget_type=\"image.default\">\n\t\t\t\t<div class=\"elementor-widget-container\">\n\t\t\t\t\t\t\t\t\t\t\t\t\t\t\t<img decoding=\"async\" width=\"555\" height=\"613\" src=\"https:\/\/marmenor.practicasdeperiodismo.com\/wp-content\/uploads\/2023\/06\/mapa-mm2.png\" class=\"attachment-large size-large wp-image-58\" alt=\"\" loading=\"lazy\" srcset=\"https:\/\/marmenor.practicasdeperiodismo.com\/wp-content\/uploads\/2023\/06\/mapa-mm2.png 555w, https:\/\/marmenor.practicasdeperiodismo.com\/wp-content\/uploads\/2023\/06\/mapa-mm2-272x300.png 272w\" sizes=\"(max-width: 555px) 100vw, 555px\" \/>\t\t\t\t\t\t\t\t\t\t\t\t\t\t\t<\/div>\n\t\t\t\t<\/div>\n\t\t\t\t\t<\/div>\n\t\t<\/div>\n\t\t\t\t\t\t\t<\/div>\n\t\t<\/section>\n\t\t\t\t\t<\/div>\n\t\t<\/div>\n\t\t\t\t\t\t\t<\/div>\n\t\t<\/section>\n\t\t\t\t<section class=\"elementor-section elementor-top-section elementor-element elementor-element-725282a elementor-section-content-middle elementor-section-boxed elementor-section-height-default elementor-section-height-default\" data-id=\"725282a\" data-element_type=\"section\">\n\t\t\t\t\t\t\t<div class=\"elementor-background-overlay\"><\/div>\n\t\t\t\t\t\t\t<div class=\"elementor-container elementor-column-gap-no\">\n\t\t\t\t\t<div class=\"elementor-column elementor-col-50 elementor-top-column elementor-element elementor-element-43c3b50f\" data-id=\"43c3b50f\" data-element_type=\"column\">\n\t\t\t<div class=\"elementor-widget-wrap elementor-element-populated\">\n\t\t\t\t\t\t\t\t<div class=\"elementor-element elementor-element-c5364f8 elementor-widget elementor-widget-image\" data-id=\"c5364f8\" data-element_type=\"widget\" data-widget_type=\"image.default\">\n\t\t\t\t<div class=\"elementor-widget-container\">\n\t\t\t\t\t\t\t\t\t\t\t\t\t\t\t<img decoding=\"async\" width=\"2048\" height=\"1365\" src=\"https:\/\/marmenor.practicasdeperiodismo.com\/wp-content\/uploads\/2023\/06\/IMG_0915-2048x1365.jpg\" class=\"attachment-2048x2048 size-2048x2048 wp-image-59\" alt=\"\" loading=\"lazy\" srcset=\"https:\/\/marmenor.practicasdeperiodismo.com\/wp-content\/uploads\/2023\/06\/IMG_0915-2048x1365.jpg 2048w, https:\/\/marmenor.practicasdeperiodismo.com\/wp-content\/uploads\/2023\/06\/IMG_0915-300x200.jpg 300w, https:\/\/marmenor.practicasdeperiodismo.com\/wp-content\/uploads\/2023\/06\/IMG_0915-1024x683.jpg 1024w, https:\/\/marmenor.practicasdeperiodismo.com\/wp-content\/uploads\/2023\/06\/IMG_0915-768x512.jpg 768w, https:\/\/marmenor.practicasdeperiodismo.com\/wp-content\/uploads\/2023\/06\/IMG_0915-1536x1024.jpg 1536w\" sizes=\"(max-width: 2048px) 100vw, 2048px\" \/>\t\t\t\t\t\t\t\t\t\t\t\t\t\t\t<\/div>\n\t\t\t\t<\/div>\n\t\t\t\t\t<\/div>\n\t\t<\/div>\n\t\t\t\t<div class=\"elementor-column elementor-col-50 elementor-top-column elementor-element elementor-element-252d7383\" data-id=\"252d7383\" data-element_type=\"column\">\n\t\t\t<div class=\"elementor-widget-wrap elementor-element-populated\">\n\t\t\t\t\t\t\t\t<div class=\"elementor-element elementor-element-2d85ed0c elementor-widget elementor-widget-text-editor\" data-id=\"2d85ed0c\" data-element_type=\"widget\" data-widget_type=\"text-editor.default\">\n\t\t\t\t<div class=\"elementor-widget-container\">\n\t\t\t\t\t\t\t<p><span class=\"WdYUQQ text-decoration-none text-strikethrough-none\">Me acerco a uno de los contenedores donde los operarios depositan los restos de la orilla.\u00a0<\/span><span style=\"font-size: 15px;\">La escena frente al contenedor revela la magnitud del problema. El dep\u00f3sito rebosa de restos de algas acumulados durante varios d\u00edas, emanando un olor desagradable. Los operarios me informan de que la recogida de algas se ha convertido en una tarea diaria y agotadora, ya que cada ma\u00f1ana las playas de la zona amanecen cubiertas por un espeso manto verde. Esta situaci\u00f3n se ha vuelto recurrente para quienes trabajan incansablemente para mantener limpias las costas del Mar Menor.<\/span><\/p>\t\t\t\t\t\t<\/div>\n\t\t\t\t<\/div>\n\t\t\t\t<div class=\"elementor-element elementor-element-75cb057f elementor-widget elementor-widget-text-editor\" data-id=\"75cb057f\" data-element_type=\"widget\" data-widget_type=\"text-editor.default\">\n\t\t\t\t<div class=\"elementor-widget-container\">\n\t\t\t\t\t\t\t<div><p>Cada d\u00eda, el espeso manto verde se extiende por las orillas, afectando tanto la est\u00e9tica del paisaje como la calidad del agua. Los operarios, conscientes de la importancia de su labor, se enfrentan a un reto constante para mantener las playas en condiciones \u00f3ptimas.<\/p><\/div><div>\u00a0<\/div>\t\t\t\t\t\t<\/div>\n\t\t\t\t<\/div>\n\t\t\t\t\t<\/div>\n\t\t<\/div>\n\t\t\t\t\t\t\t<\/div>\n\t\t<\/section>\n\t\t\t\t<section class=\"elementor-section elementor-top-section elementor-element elementor-element-ee63787 elementor-section-content-middle elementor-section-boxed elementor-section-height-default elementor-section-height-default\" data-id=\"ee63787\" data-element_type=\"section\">\n\t\t\t\t\t\t<div class=\"elementor-container elementor-column-gap-no\">\n\t\t\t\t\t<div class=\"elementor-column elementor-col-100 elementor-top-column elementor-element elementor-element-2e9e0e2d\" data-id=\"2e9e0e2d\" data-element_type=\"column\">\n\t\t\t<div class=\"elementor-widget-wrap elementor-element-populated\">\n\t\t\t\t\t\t\t\t<div class=\"elementor-element elementor-element-6052d22d elementor-widget elementor-widget-text-editor\" data-id=\"6052d22d\" data-element_type=\"widget\" data-widget_type=\"text-editor.default\">\n\t\t\t\t<div class=\"elementor-widget-container\">\n\t\t\t\t\t\t\t<p>Hablamos con una vecina de Los Alc\u00e1zares y nos cuenta la situaci\u00f3n en la que se encuentran actualmente las playas de la zona. Adem\u00e1s, nos habla sobre la agricultura y las actuaciones que se est\u00e1n llevando a cabo para solventar el problema.<\/p>\t\t\t\t\t\t<\/div>\n\t\t\t\t<\/div>\n\t\t\t\t<div class=\"elementor-element elementor-element-1f53000f elementor-widget elementor-widget-video\" data-id=\"1f53000f\" data-element_type=\"widget\" data-settings=\"{&quot;video_type&quot;:&quot;hosted&quot;,&quot;controls&quot;:&quot;yes&quot;}\" data-widget_type=\"video.default\">\n\t\t\t\t<div class=\"elementor-widget-container\">\n\t\t\t<style>\/*! elementor - v3.13.2 - 11-05-2023 *\/\n.elementor-widget-video .elementor-widget-container{overflow:hidden;transform:translateZ(0)}.elementor-widget-video .elementor-wrapper{aspect-ratio:var(--video-aspect-ratio)}.elementor-widget-video .elementor-wrapper iframe,.elementor-widget-video .elementor-wrapper video{height:100%;width:100%;display:flex;border:none;background-color:#000}@supports not (aspect-ratio:1\/1){.elementor-widget-video .elementor-wrapper{position:relative;overflow:hidden;height:0;padding-bottom:calc(100% \/ var(--video-aspect-ratio))}.elementor-widget-video .elementor-wrapper iframe,.elementor-widget-video .elementor-wrapper video{position:absolute;top:0;right:0;bottom:0;left:0}}.elementor-widget-video .elementor-open-inline .elementor-custom-embed-image-overlay{position:absolute;top:0;left:0;width:100%;height:100%;background-size:cover;background-position:50%}.elementor-widget-video .elementor-custom-embed-image-overlay{cursor:pointer;text-align:center}.elementor-widget-video .elementor-custom-embed-image-overlay:hover .elementor-custom-embed-play i{opacity:1}.elementor-widget-video .elementor-custom-embed-image-overlay img{display:block;width:100%}.elementor-widget-video .e-hosted-video .elementor-video{-o-object-fit:cover;object-fit:cover}.e-con-inner>.elementor-widget-video,.e-con>.elementor-widget-video{width:var(--container-widget-width);--flex-grow:var(--container-widget-flex-grow)}<\/style>\t\t<div class=\"e-hosted-video elementor-wrapper elementor-open-inline\">\n\t\t\t\t\t<video class=\"elementor-video\" src=\"https:\/\/marmenor.practicasdeperiodismo.com\/wp-content\/uploads\/2023\/06\/entrevistamarmenor.mp4\" controls=\"\" preload=\"metadata\" controlsList=\"nodownload\"><\/video>\n\t\t\t\t<\/div>\n\t\t\t\t<\/div>\n\t\t\t\t<\/div>\n\t\t\t\t\t<\/div>\n\t\t<\/div>\n\t\t\t\t\t\t\t<\/div>\n\t\t<\/section>\n\t\t\t\t<section class=\"elementor-section elementor-top-section elementor-element elementor-element-4ae440a9 elementor-section-content-middle elementor-section-boxed elementor-section-height-default elementor-section-height-default\" data-id=\"4ae440a9\" data-element_type=\"section\" data-settings=\"{&quot;background_background&quot;:&quot;classic&quot;}\">\n\t\t\t\t\t\t<div class=\"elementor-container elementor-column-gap-no\">\n\t\t\t\t\t<div class=\"elementor-column elementor-col-100 elementor-top-column elementor-element elementor-element-6b55542f\" data-id=\"6b55542f\" data-element_type=\"column\">\n\t\t\t<div class=\"elementor-widget-wrap elementor-element-populated\">\n\t\t\t\t\t\t\t\t<div class=\"elementor-element elementor-element-68ad8d94 elementor-widget elementor-widget-image\" data-id=\"68ad8d94\" data-element_type=\"widget\" data-widget_type=\"image.default\">\n\t\t\t\t<div class=\"elementor-widget-container\">\n\t\t\t\t\t\t\t\t\t\t\t\t\t\t\t<img decoding=\"async\" width=\"2560\" height=\"1707\" src=\"https:\/\/marmenor.practicasdeperiodismo.com\/wp-content\/uploads\/2023\/06\/IMG_0920-scaled.jpg\" class=\"attachment-full size-full wp-image-61\" alt=\"\" loading=\"lazy\" srcset=\"https:\/\/marmenor.practicasdeperiodismo.com\/wp-content\/uploads\/2023\/06\/IMG_0920-scaled.jpg 2560w, https:\/\/marmenor.practicasdeperiodismo.com\/wp-content\/uploads\/2023\/06\/IMG_0920-300x200.jpg 300w, https:\/\/marmenor.practicasdeperiodismo.com\/wp-content\/uploads\/2023\/06\/IMG_0920-1024x683.jpg 1024w, https:\/\/marmenor.practicasdeperiodismo.com\/wp-content\/uploads\/2023\/06\/IMG_0920-768x512.jpg 768w, https:\/\/marmenor.practicasdeperiodismo.com\/wp-content\/uploads\/2023\/06\/IMG_0920-1536x1024.jpg 1536w, https:\/\/marmenor.practicasdeperiodismo.com\/wp-content\/uploads\/2023\/06\/IMG_0920-2048x1365.jpg 2048w\" sizes=\"(max-width: 2560px) 100vw, 2560px\" \/>\t\t\t\t\t\t\t\t\t\t\t\t\t\t\t<\/div>\n\t\t\t\t<\/div>\n\t\t\t\t<div class=\"elementor-element elementor-element-74d87770 elementor-widget elementor-widget-text-editor\" data-id=\"74d87770\" data-element_type=\"widget\" data-widget_type=\"text-editor.default\">\n\t\t\t\t<div class=\"elementor-widget-container\">\n\t\t\t\t\t\t\t<p>Impresiona ver los tonos verdosos en forma de algas que se crean en la desembocadura de la rambla del Albuj\u00f3n. Los nitratos procedentes de la agricultura del Campo de Cartagena, al llegar al Mar Menor crean una mancha verdusca que va dispers\u00e1ndose por toda la laguna.<\/p>\t\t\t\t\t\t<\/div>\n\t\t\t\t<\/div>\n\t\t\t\t<section class=\"elementor-section elementor-inner-section elementor-element elementor-element-5d2e4422 elementor-section-boxed elementor-section-height-default elementor-section-height-default\" data-id=\"5d2e4422\" data-element_type=\"section\">\n\t\t\t\t\t\t<div class=\"elementor-container elementor-column-gap-default\">\n\t\t\t\t\t<div class=\"elementor-column elementor-col-50 elementor-inner-column elementor-element elementor-element-361abb71\" data-id=\"361abb71\" data-element_type=\"column\">\n\t\t\t<div class=\"elementor-widget-wrap elementor-element-populated\">\n\t\t\t\t\t\t\t\t<div class=\"elementor-element elementor-element-b0aecd1 elementor-widget elementor-widget-text-editor\" data-id=\"b0aecd1\" data-element_type=\"widget\" data-widget_type=\"text-editor.default\">\n\t\t\t\t<div class=\"elementor-widget-container\">\n\t\t\t\t\t\t\t<p>Para investigar m\u00e1s a fondo el origen de las algas verdes del Mar Menor, me dirijo hacia la rambla del Albuj\u00f3n, situada a unos 12 km de Los Alc\u00e1zares. Esta rambla es conocida por ser una de las principales fuentes de agua con altos niveles de nitratos que desemboca en el Mar Menor desde el Campo de Cartagena. Al llegar a su desembocadura, quedo impactada al presenciar una extensa mancha verde que se dispersa por la laguna de agua salada. Es evidente que esta contaminaci\u00f3n est\u00e1 contribuyendo significativamente al crecimiento descontrolado de las algas, que previamente hab\u00eda visto en la orilla de las playas de los alrededores.<\/p>\t\t\t\t\t\t<\/div>\n\t\t\t\t<\/div>\n\t\t\t\t\t<\/div>\n\t\t<\/div>\n\t\t\t\t<div class=\"elementor-column elementor-col-50 elementor-inner-column elementor-element elementor-element-2b992a1f\" data-id=\"2b992a1f\" data-element_type=\"column\">\n\t\t\t<div class=\"elementor-widget-wrap elementor-element-populated\">\n\t\t\t\t\t\t\t\t<div class=\"elementor-element elementor-element-292746cc elementor-widget elementor-widget-text-editor\" data-id=\"292746cc\" data-element_type=\"widget\" data-widget_type=\"text-editor.default\">\n\t\t\t\t<div class=\"elementor-widget-container\">\n\t\t\t\t\t\t\t<p>Las algas, impulsadas por los altos niveles de nutrientes en el agua, se reproducen de manera acelerada, creando una cadena de consecuencias negativas para la biodiversidad. A medida que me adentro en el \u00e1rea, el olor distintivo de las algas en descomposici\u00f3n se hace m\u00e1s fuerte.\u00a0<\/p><p>Hay que tener en cuenta que la rambla del Albuj\u00f3n es solo una de las m\u00faltiples que desembocan en la laguna del Mar Menor provenientes de la agricultura intensiva y la falta de un adecuado sistema de gesti\u00f3n de aguas residuales.\u00a0A medida que me alejo de la desembocadura de la rambla del Albuj\u00f3n, soy consciente de la magnitud del problema en esta ic\u00f3nica laguna costera.\u00a0<\/p>\t\t\t\t\t\t<\/div>\n\t\t\t\t<\/div>\n\t\t\t\t\t<\/div>\n\t\t<\/div>\n\t\t\t\t\t\t\t<\/div>\n\t\t<\/section>\n\t\t\t\t\t<\/div>\n\t\t<\/div>\n\t\t\t\t\t\t\t<\/div>\n\t\t<\/section>\n\t\t\t\t<section class=\"elementor-section elementor-top-section elementor-element elementor-element-6b33f78a elementor-section-full_width elementor-section-content-middle elementor-section-height-default elementor-section-height-default\" data-id=\"6b33f78a\" data-element_type=\"section\">\n\t\t\t\t\t\t<div class=\"elementor-container elementor-column-gap-no\">\n\t\t\t\t\t<div class=\"elementor-column elementor-col-50 elementor-top-column elementor-element elementor-element-55ac07f6\" data-id=\"55ac07f6\" data-element_type=\"column\" data-settings=\"{&quot;background_background&quot;:&quot;classic&quot;}\">\n\t\t\t<div class=\"elementor-widget-wrap\">\n\t\t\t\t\t<div class=\"elementor-background-overlay\"><\/div>\n\t\t\t\t\t\t\t\t\t<\/div>\n\t\t<\/div>\n\t\t\t\t<div class=\"elementor-column elementor-col-50 elementor-top-column elementor-element elementor-element-4307fb76\" data-id=\"4307fb76\" data-element_type=\"column\">\n\t\t\t<div class=\"elementor-widget-wrap elementor-element-populated\">\n\t\t\t\t\t\t\t\t<div class=\"elementor-element elementor-element-25772f23 elementor-widget elementor-widget-text-editor\" data-id=\"25772f23\" data-element_type=\"widget\" data-widget_type=\"text-editor.default\">\n\t\t\t\t<div class=\"elementor-widget-container\">\n\t\t\t\t\t\t\t<p>En la d\u00e9cada de los 50, La Manga del Mar Menor era una zona poco accesible, destinada principalmente a la extracci\u00f3n de sal y la pesca intensiva. Sin embargo, el desarrollo impulsado por el franquismo transform\u00f3 por completo este territorio. En la actualidad, La Manga es el epicentro del turismo de sol y playa en la regi\u00f3n, con una amplia oferta de urbanizaciones, hoteles, apartamentos tur\u00edsticos, restaurantes&#8230;<\/p>\t\t\t\t\t\t<\/div>\n\t\t\t\t<\/div>\n\t\t\t\t<div class=\"elementor-element elementor-element-4de874e elementor-widget elementor-widget-text-editor\" data-id=\"4de874e\" data-element_type=\"widget\" data-widget_type=\"text-editor.default\">\n\t\t\t\t<div class=\"elementor-widget-container\">\n\t\t\t\t\t\t\t<p>Conduzco hasta la Manga del Mar Menor para conocer la situaci\u00f3n actual del turismo y el urbanismo de la zona. Entre los m\u00faltiples establecimientos hosteleros, entro en una cafeter\u00eda en la que se encuentra Manuel de 54 a\u00f1os, el propietario del negocio que lleva m\u00e1s de 20 a\u00f1os en \u00e9l. &#8211; \u00bfUsted siente que el turismo en la Manga afecta negativamente al Mar Menor? &#8211; Claro. Es que tantos edificios en la Manga no son buenos para nadie. Pero, sobre todo en verano, la cafeter\u00eda es lo que me da de comer. Tenemos que aprender a convivir con el Mar Menor, sean cuales sean las limitaciones que nos pongan. Pero aqu\u00ed hay gente que lo entiende y gente que no.<\/p>\t\t\t\t\t\t<\/div>\n\t\t\t\t<\/div>\n\t\t\t\t\t<\/div>\n\t\t<\/div>\n\t\t\t\t\t\t\t<\/div>\n\t\t<\/section>\n\t\t\t\t<section class=\"elementor-section elementor-top-section elementor-element elementor-element-2365be5c elementor-section-content-middle elementor-section-boxed elementor-section-height-default elementor-section-height-default\" data-id=\"2365be5c\" data-element_type=\"section\" data-settings=\"{&quot;background_background&quot;:&quot;classic&quot;}\">\n\t\t\t\t\t\t<div class=\"elementor-container elementor-column-gap-no\">\n\t\t\t\t\t<div class=\"elementor-column elementor-col-33 elementor-top-column elementor-element elementor-element-582e9c8c\" data-id=\"582e9c8c\" data-element_type=\"column\">\n\t\t\t<div class=\"elementor-widget-wrap elementor-element-populated\">\n\t\t\t\t\t\t\t\t<div class=\"elementor-element elementor-element-1f19654 elementor-widget elementor-widget-heading\" data-id=\"1f19654\" data-element_type=\"widget\" data-widget_type=\"heading.default\">\n\t\t\t\t<div class=\"elementor-widget-container\">\n\t\t\t<h3 class=\"elementor-heading-title elementor-size-default\">Impulsando soluciones<\/h3>\t\t<\/div>\n\t\t\t\t<\/div>\n\t\t\t\t\t<\/div>\n\t\t<\/div>\n\t\t\t\t<div class=\"elementor-column elementor-col-33 elementor-top-column elementor-element elementor-element-18d200b1\" data-id=\"18d200b1\" data-element_type=\"column\">\n\t\t\t<div class=\"elementor-widget-wrap elementor-element-populated\">\n\t\t\t\t\t\t\t\t<div class=\"elementor-element elementor-element-34c739fb elementor-widget__width-initial elementor-widget elementor-widget-image\" data-id=\"34c739fb\" data-element_type=\"widget\" data-widget_type=\"image.default\">\n\t\t\t\t<div class=\"elementor-widget-container\">\n\t\t\t\t\t\t\t\t\t\t\t\t\t\t\t<img decoding=\"async\" width=\"2560\" height=\"1707\" src=\"https:\/\/marmenor.practicasdeperiodismo.com\/wp-content\/uploads\/2023\/06\/IMG_0911-scaled.jpg\" class=\"elementor-animation-grow attachment-full size-full wp-image-152\" alt=\"\" loading=\"lazy\" srcset=\"https:\/\/marmenor.practicasdeperiodismo.com\/wp-content\/uploads\/2023\/06\/IMG_0911-scaled.jpg 2560w, https:\/\/marmenor.practicasdeperiodismo.com\/wp-content\/uploads\/2023\/06\/IMG_0911-300x200.jpg 300w, https:\/\/marmenor.practicasdeperiodismo.com\/wp-content\/uploads\/2023\/06\/IMG_0911-1024x683.jpg 1024w, https:\/\/marmenor.practicasdeperiodismo.com\/wp-content\/uploads\/2023\/06\/IMG_0911-768x512.jpg 768w, https:\/\/marmenor.practicasdeperiodismo.com\/wp-content\/uploads\/2023\/06\/IMG_0911-1536x1024.jpg 1536w, https:\/\/marmenor.practicasdeperiodismo.com\/wp-content\/uploads\/2023\/06\/IMG_0911-2048x1365.jpg 2048w\" sizes=\"(max-width: 2560px) 100vw, 2560px\" \/>\t\t\t\t\t\t\t\t\t\t\t\t\t\t\t<\/div>\n\t\t\t\t<\/div>\n\t\t\t\t<div class=\"elementor-element elementor-element-449b18d0 elementor-widget elementor-widget-text-editor\" data-id=\"449b18d0\" data-element_type=\"widget\" data-widget_type=\"text-editor.default\">\n\t\t\t\t<div class=\"elementor-widget-container\">\n\t\t\t\t\t\t\t<p>\u00a0<\/p><p>El Centro de Edafolog\u00eda y Biolog\u00eda Aplicada del Segura, perteneciente al Consejo Superior de Investigaciones Cient\u00edficas (CEBAS-CSIC), ha liderado la creaci\u00f3n de una hoja de ruta integral compuesta por 14 medidas fundamentales para lograr el desarrollo sostenible del Mar Menor.<\/p>\t\t\t\t\t\t<\/div>\n\t\t\t\t<\/div>\n\t\t\t\t\t<\/div>\n\t\t<\/div>\n\t\t\t\t<div class=\"elementor-column elementor-col-33 elementor-top-column elementor-element elementor-element-34591b42\" data-id=\"34591b42\" data-element_type=\"column\">\n\t\t\t<div class=\"elementor-widget-wrap elementor-element-populated\">\n\t\t\t\t\t\t\t\t<div class=\"elementor-element elementor-element-718aa984 elementor-widget elementor-widget-text-editor\" data-id=\"718aa984\" data-element_type=\"widget\" data-widget_type=\"text-editor.default\">\n\t\t\t\t<div class=\"elementor-widget-container\">\n\t\t\t\t\t\t\t<p>Entre estas 14 medidas se encuentran: el fomento del ecoturismo rural y costero, la adopci\u00f3n de pr\u00e1cticas agr\u00edcolas sostenibles o la implementaci\u00f3n de peque\u00f1as instalaciones agrofotovoltaicas.<\/p>\t\t\t\t\t\t<\/div>\n\t\t\t\t<\/div>\n\t\t\t\t<div class=\"elementor-element elementor-element-c846517 elementor-widget__width-initial elementor-widget elementor-widget-image\" data-id=\"c846517\" data-element_type=\"widget\" data-widget_type=\"image.default\">\n\t\t\t\t<div class=\"elementor-widget-container\">\n\t\t\t\t\t\t\t\t\t\t\t\t\t\t\t<img decoding=\"async\" width=\"2560\" height=\"1707\" src=\"https:\/\/marmenor.practicasdeperiodismo.com\/wp-content\/uploads\/2023\/06\/IMG_0943-scaled.jpg\" class=\"elementor-animation-grow attachment-full size-full wp-image-153\" alt=\"\" loading=\"lazy\" srcset=\"https:\/\/marmenor.practicasdeperiodismo.com\/wp-content\/uploads\/2023\/06\/IMG_0943-scaled.jpg 2560w, https:\/\/marmenor.practicasdeperiodismo.com\/wp-content\/uploads\/2023\/06\/IMG_0943-300x200.jpg 300w, https:\/\/marmenor.practicasdeperiodismo.com\/wp-content\/uploads\/2023\/06\/IMG_0943-1024x683.jpg 1024w, https:\/\/marmenor.practicasdeperiodismo.com\/wp-content\/uploads\/2023\/06\/IMG_0943-768x512.jpg 768w, https:\/\/marmenor.practicasdeperiodismo.com\/wp-content\/uploads\/2023\/06\/IMG_0943-1536x1024.jpg 1536w, https:\/\/marmenor.practicasdeperiodismo.com\/wp-content\/uploads\/2023\/06\/IMG_0943-2048x1365.jpg 2048w\" sizes=\"(max-width: 2560px) 100vw, 2560px\" \/>\t\t\t\t\t\t\t\t\t\t\t\t\t\t\t<\/div>\n\t\t\t\t<\/div>\n\t\t\t\t\t<\/div>\n\t\t<\/div>\n\t\t\t\t\t\t\t<\/div>\n\t\t<\/section>\n\t\t\t\t\t\t\t<\/div>\n\t\t","protected":false},"excerpt":{"rendered":"<p>Reportaje Vidas cruzadas en un ecosistema en peligro Descubrimos los desaf\u00edos medioambientales a los que se enfrenta el Mar Menor. Escuchamos las voces de quienes dependen de los recursos, como la agricultura, que est\u00e1n afectando la calidad del agua de la laguna costera. Datos del 2022 calculan la retirada de 17.718 toneladas de algas, a [&hellip;]<\/p>\n","protected":false},"author":2,"featured_media":0,"parent":0,"menu_order":0,"comment_status":"closed","ping_status":"closed","template":"elementor_header_footer","meta":[],"_links":{"self":[{"href":"https:\/\/marmenor.practicasdeperiodismo.com\/index.php\/wp-json\/wp\/v2\/pages\/16"}],"collection":[{"href":"https:\/\/marmenor.practicasdeperiodismo.com\/index.php\/wp-json\/wp\/v2\/pages"}],"about":[{"href":"https:\/\/marmenor.practicasdeperiodismo.com\/index.php\/wp-json\/wp\/v2\/types\/page"}],"author":[{"embeddable":true,"href":"https:\/\/marmenor.practicasdeperiodismo.com\/index.php\/wp-json\/wp\/v2\/users\/2"}],"replies":[{"embeddable":true,"href":"https:\/\/marmenor.practicasdeperiodismo.com\/index.php\/wp-json\/wp\/v2\/comments?post=16"}],"version-history":[{"count":85,"href":"https:\/\/marmenor.practicasdeperiodismo.com\/index.php\/wp-json\/wp\/v2\/pages\/16\/revisions"}],"predecessor-version":[{"id":159,"href":"https:\/\/marmenor.practicasdeperiodismo.com\/index.php\/wp-json\/wp\/v2\/pages\/16\/revisions\/159"}],"wp:attachment":[{"href":"https:\/\/marmenor.practicasdeperiodismo.com\/index.php\/wp-json\/wp\/v2\/media?parent=16"}],"curies":[{"name":"wp","href":"https:\/\/api.w.org\/{rel}","templated":true}]}}